{"version":"1.0","provider_name":"Dermatologia Garces","provider_url":"https:\/\/garces-wp.ixole.es\/ca\/","title":"Ter\u00e0pia fotodin\u00e0mica - Dermatologia Garces","type":"rich","width":600,"height":338,"html":"<blockquote class=\"wp-embedded-content\" data-secret=\"6oJyLX1qfK\"><a href=\"https:\/\/garces-wp.ixole.es\/ca\/dermatologia-quirurgica\/terapia-fotodinamica\/\">Ter\u00e0pia fotodin\u00e0mica<\/a><\/blockquote><iframe sandbox=\"allow-scripts\" security=\"restricted\" src=\"https:\/\/garces-wp.ixole.es\/ca\/dermatologia-quirurgica\/terapia-fotodinamica\/embed\/#?secret=6oJyLX1qfK\" width=\"600\" height=\"338\" title=\"&#8220;Ter\u00e0pia fotodin\u00e0mica&#8221; &#8212; Dermatologia Garces\" data-secret=\"6oJyLX1qfK\" frameborder=\"0\" marginwidth=\"0\" marginheight=\"0\" scrolling=\"no\" class=\"wp-embedded-content\"><\/iframe><script type=\"text\/javascript\">\n\/* <![CDATA[ *\/\n\/*! This file is auto-generated *\/\n!function(d,l){\"use strict\";l.querySelector&&d.addEventListener&&\"undefined\"!=typeof URL&&(d.wp=d.wp||{},d.wp.receiveEmbedMessage||(d.wp.receiveEmbedMessage=function(e){var t=e.data;if((t||t.secret||t.message||t.value)&&!\/[^a-zA-Z0-9]\/.test(t.secret)){for(var s,r,n,a=l.querySelectorAll('iframe[data-secret=\"'+t.secret+'\"]'),o=l.querySelectorAll('blockquote[data-secret=\"'+t.secret+'\"]'),c=new RegExp(\"^https?:$\",\"i\"),i=0;i<o.length;i++)o[i].style.display=\"none\";for(i=0;i<a.length;i++)s=a[i],e.source===s.contentWindow&&(s.removeAttribute(\"style\"),\"height\"===t.message?(1e3<(r=parseInt(t.value,10))?r=1e3:~~r<200&&(r=200),s.height=r):\"link\"===t.message&&(r=new URL(s.getAttribute(\"src\")),n=new URL(t.value),c.test(n.protocol))&&n.host===r.host&&l.activeElement===s&&(d.top.location.href=t.value))}},d.addEventListener(\"message\",d.wp.receiveEmbedMessage,!1),l.addEventListener(\"DOMContentLoaded\",function(){for(var e,t,s=l.querySelectorAll(\"iframe.wp-embedded-content\"),r=0;r<s.length;r++)(t=(e=s[r]).getAttribute(\"data-secret\"))||(t=Math.random().toString(36).substring(2,12),e.src+=\"#?secret=\"+t,e.setAttribute(\"data-secret\",t)),e.contentWindow.postMessage({message:\"ready\",secret:t},\"*\")},!1)))}(window,document);\n\/\/# sourceURL=https:\/\/garces-wp.ixole.es\/wp-includes\/js\/wp-embed.min.js\n\/* ]]> *\/\n<\/script>\n","description":"[vc_row][vc_column width=&#8221;1\/2&#8243;][vc_single_image image=&#8221;841&#8243; img_size=&#8221;full&#8221;][\/vc_column][vc_column width=&#8221;1\/2&#8243;][vc_column_text] La Ter\u00e0pia fotodin\u00e0mica \u00e9s una t\u00e8cnica recent i efica\u00e7 per a la destrucci\u00f3 dels tumors cutanis superficials. La Ter\u00e0pia fotodin\u00e0mica destaca perqu\u00e8 permet uns millors resultats est\u00e8tics que altres t\u00e8cniques de destrucci\u00f3 del tumor, el que la converteix en la t\u00e8cnica d&#8217;elecci\u00f3 per al tractament dels tumors localitzats en zones [&hellip;]"}